{"id":1333,"date":"2022-12-06T15:05:37","date_gmt":"2022-12-06T15:05:37","guid":{"rendered":"https:\/\/doctorchristianfontecilla.cl\/home\/?page_id=1333"},"modified":"2022-12-06T15:17:42","modified_gmt":"2022-12-06T15:17:42","slug":"especialidades","status":"publish","type":"page","link":"https:\/\/doctorchristianfontecilla.cl\/home\/especialidades\/","title":{"rendered":"Especialidades"},"content":{"rendered":"\t\t<div data-elementor-type=\"wp-page\" data-elementor-id=\"1333\" class=\"elementor elementor-1333\">\n\t\t\t\t\t\t\t\t\t<section class=\"elementor-section elementor-top-section elementor-element elementor-element-d2b9d12 elementor-section-boxed elementor-section-height-default elementor-section-height-default\" data-id=\"d2b9d12\" data-element_type=\"section\" data-settings=\"{&quot;background_background&quot;:&quot;classic&quot;}\">\n\t\t\t\t\t\t\t<div class=\"elementor-background-overlay\"><\/div>\n\t\t\t\t\t\t\t<div class=\"elementor-container elementor-column-gap-default\">\n\t\t\t\t\t<div class=\"elementor-column elementor-col-100 elementor-top-column elementor-element elementor-element-2f5e2d7\" data-id=\"2f5e2d7\" data-element_type=\"column\">\n\t\t\t<div class=\"elementor-widget-wrap elementor-element-populated\">\n\t\t\t\t\t\t\t\t<div class=\"elementor-element elementor-element-9d3d2ac animated-slow elementor-invisible elementor-widget elementor-widget-heading\" data-id=\"9d3d2ac\" data-element_type=\"widget\" data-settings=\"{&quot;_animation&quot;:&quot;fadeInUp&quot;}\" data-widget_type=\"heading.default\">\n\t\t\t\t<div class=\"elementor-widget-container\">\n\t\t\t<style>\/*! elementor - v3.6.1 - 23-03-2022 *\/\n.elementor-heading-title{padding:0;margin:0;line-height:1}.elementor-widget-heading .elementor-heading-title[class*=elementor-size-]>a{color:inherit;font-size:inherit;line-height:inherit}.elementor-widget-heading .elementor-heading-title.elementor-size-small{font-size:15px}.elementor-widget-heading .elementor-heading-title.elementor-size-medium{font-size:19px}.elementor-widget-heading .elementor-heading-title.elementor-size-large{font-size:29px}.elementor-widget-heading .elementor-heading-title.elementor-size-xl{font-size:39px}.elementor-widget-heading .elementor-heading-title.elementor-size-xxl{font-size:59px}<\/style><h5 class=\"elementor-heading-title elementor-size-default\">Servicios M\u00e9dicos<\/h5>\t\t<\/div>\n\t\t\t\t<\/div>\n\t\t\t\t<div class=\"elementor-element elementor-element-4d4555f elementor-widget elementor-widget-heading\" data-id=\"4d4555f\" data-element_type=\"widget\" data-widget_type=\"heading.default\">\n\t\t\t\t<div class=\"elementor-widget-container\">\n\t\t\t<h2 class=\"elementor-heading-title elementor-size-default\">Especialidades<\/h2>\t\t<\/div>\n\t\t\t\t<\/div>\n\t\t\t\t<div class=\"elementor-element elementor-element-f8adac8 elementor-grid-3 elementor-grid-tablet-2 elementor-grid-mobile-1 elementor-posts--thumbnail-top elementor-card-shadow-yes elementor-posts__hover-gradient elementor-widget elementor-widget-posts\" data-id=\"f8adac8\" data-element_type=\"widget\" data-settings=\"{&quot;cards_row_gap&quot;:{&quot;unit&quot;:&quot;px&quot;,&quot;size&quot;:25,&quot;sizes&quot;:[]},&quot;cards_columns&quot;:&quot;3&quot;,&quot;cards_columns_tablet&quot;:&quot;2&quot;,&quot;cards_columns_mobile&quot;:&quot;1&quot;}\" data-widget_type=\"posts.cards\">\n\t\t\t\t<div class=\"elementor-widget-container\">\n\t\t\t<link rel=\"stylesheet\" href=\"https:\/\/doctorchristianfontecilla.cl\/home\/wp-content\/plugins\/elementor-pro\/assets\/css\/widget-posts.min.css\">\t\t<div class=\"elementor-posts-container elementor-posts elementor-posts--skin-cards elementor-grid\">\n\t\t\t\t<article class=\"elementor-post elementor-grid-item post-1336 post type-post status-publish format-standard hentry category-especialidades tag-tumores-conjuntivales\">\n\t\t\t<div class=\"elementor-post__card\">\n\t\t\t\t<div class=\"elementor-post__text\">\n\t\t\t\t<h3 class=\"elementor-post__title\">\n\t\t\t<a href=\"https:\/\/doctorchristianfontecilla.cl\/home\/tumores-conjuntivales-2\/\" >\n\t\t\t\tSistema Eyelight\t\t\t<\/a>\n\t\t<\/h3>\n\t\t\t\t<div class=\"elementor-post__excerpt\">\n\t\t\t\t\t<\/div>\n\t\t\t\t\t<a class=\"elementor-post__read-more\" href=\"https:\/\/doctorchristianfontecilla.cl\/home\/tumores-conjuntivales-2\/\" >\n\t\t\t\tLeer M\u00e1s \u00bb\t\t\t<\/a>\n\t\t\t\t<\/div>\n\t\t\t\t\t<\/div>\n\t\t<\/article>\n\t\t\t\t<article class=\"elementor-post elementor-grid-item post-707 post type-post status-publish format-standard has-post-thumbnail hentry category-especialidades tag-pterigion\">\n\t\t\t<div class=\"elementor-post__card\">\n\t\t\t\t<a class=\"elementor-post__thumbnail__link\" href=\"https:\/\/doctorchristianfontecilla.cl\/home\/pterigion-2\/\" >\n\t\t\t<div class=\"elementor-post__thumbnail\"><img width=\"300\" height=\"225\" src=\"https:\/\/doctorchristianfontecilla.cl\/home\/wp-content\/uploads\/2022\/05\/Pterigion_antes-300x225.png\" class=\"attachment-medium size-medium\" alt=\"\" loading=\"lazy\" srcset=\"https:\/\/doctorchristianfontecilla.cl\/home\/wp-content\/uploads\/2022\/05\/Pterigion_antes-300x225.png 300w, https:\/\/doctorchristianfontecilla.cl\/home\/wp-content\/uploads\/2022\/05\/Pterigion_antes.png 600w\" sizes=\"(max-width: 300px) 100vw, 300px\" \/><\/div>\n\t\t<\/a>\n\t\t\t\t<div class=\"elementor-post__text\">\n\t\t\t\t<h3 class=\"elementor-post__title\">\n\t\t\t<a href=\"https:\/\/doctorchristianfontecilla.cl\/home\/pterigion-2\/\" >\n\t\t\t\tPterigi\u00f3n\t\t\t<\/a>\n\t\t<\/h3>\n\t\t\t\t<div class=\"elementor-post__excerpt\">\n\t\t\t<p>Es un crecimiento anormal de la conjuntiva sobre la cornea . en etapas avanzadas puede disminuir la visi\u00f3n por inducir altos astigmatismo o entorpecer el eje visual.<\/p>\n\t\t<\/div>\n\t\t\t\t\t<a class=\"elementor-post__read-more\" href=\"https:\/\/doctorchristianfontecilla.cl\/home\/pterigion-2\/\" >\n\t\t\t\tLeer M\u00e1s \u00bb\t\t\t<\/a>\n\t\t\t\t<\/div>\n\t\t\t\t\t<\/div>\n\t\t<\/article>\n\t\t\t\t<article class=\"elementor-post elementor-grid-item post-414 post type-post status-publish format-standard has-post-thumbnail hentry category-blog category-especialidades tag-dacriocistorrinostomia\">\n\t\t\t<div class=\"elementor-post__card\">\n\t\t\t\t<a class=\"elementor-post__thumbnail__link\" href=\"https:\/\/doctorchristianfontecilla.cl\/home\/dacriocistorrinostomia-externa-e-interna-sin-cicatriz-2\/\" >\n\t\t\t<div class=\"elementor-post__thumbnail\"><img width=\"300\" height=\"225\" src=\"https:\/\/doctorchristianfontecilla.cl\/home\/wp-content\/uploads\/2022\/05\/dacro3-300x225.png\" class=\"attachment-medium size-medium\" alt=\"\" loading=\"lazy\" srcset=\"https:\/\/doctorchristianfontecilla.cl\/home\/wp-content\/uploads\/2022\/05\/dacro3-300x225.png 300w, https:\/\/doctorchristianfontecilla.cl\/home\/wp-content\/uploads\/2022\/05\/dacro3.png 600w\" sizes=\"(max-width: 300px) 100vw, 300px\" \/><\/div>\n\t\t<\/a>\n\t\t\t\t<div class=\"elementor-post__text\">\n\t\t\t\t<h3 class=\"elementor-post__title\">\n\t\t\t<a href=\"https:\/\/doctorchristianfontecilla.cl\/home\/dacriocistorrinostomia-externa-e-interna-sin-cicatriz-2\/\" >\n\t\t\t\tDacriocistorrinostomia Interna (sin cicatriz)\t\t\t<\/a>\n\t\t<\/h3>\n\t\t\t\t<div class=\"elementor-post__excerpt\">\n\t\t\t<p>Se realiza cuando existe una obstrucci\u00f3n de la v\u00eda lagrimal natural , que conecta el ojo con las fosas nasales. Consiste en hace una nueva<\/p>\n\t\t<\/div>\n\t\t\t\t\t<a class=\"elementor-post__read-more\" href=\"https:\/\/doctorchristianfontecilla.cl\/home\/dacriocistorrinostomia-externa-e-interna-sin-cicatriz-2\/\" >\n\t\t\t\tLeer M\u00e1s \u00bb\t\t\t<\/a>\n\t\t\t\t<\/div>\n\t\t\t\t\t<\/div>\n\t\t<\/article>\n\t\t\t\t<article class=\"elementor-post elementor-grid-item post-407 post type-post status-publish format-standard has-post-thumbnail hentry category-blog category-especialidades tag-ectropion tag-entropion\">\n\t\t\t<div class=\"elementor-post__card\">\n\t\t\t\t<a class=\"elementor-post__thumbnail__link\" href=\"https:\/\/doctorchristianfontecilla.cl\/home\/ectropion-entropion-2\/\" >\n\t\t\t<div class=\"elementor-post__thumbnail\"><img width=\"300\" height=\"300\" src=\"https:\/\/doctorchristianfontecilla.cl\/home\/wp-content\/uploads\/2019\/07\/34s-300x300.jpg\" class=\"attachment-medium size-medium\" alt=\"\" loading=\"lazy\" srcset=\"https:\/\/doctorchristianfontecilla.cl\/home\/wp-content\/uploads\/2019\/07\/34s-300x300.jpg 300w, https:\/\/doctorchristianfontecilla.cl\/home\/wp-content\/uploads\/2019\/07\/34s-150x150.jpg 150w, https:\/\/doctorchristianfontecilla.cl\/home\/wp-content\/uploads\/2019\/07\/34s.jpg 750w\" sizes=\"(max-width: 300px) 100vw, 300px\" \/><\/div>\n\t\t<\/a>\n\t\t\t\t<div class=\"elementor-post__text\">\n\t\t\t\t<h3 class=\"elementor-post__title\">\n\t\t\t<a href=\"https:\/\/doctorchristianfontecilla.cl\/home\/ectropion-entropion-2\/\" >\n\t\t\t\tEctropi\u00f3n\/Entropi\u00f3n\t\t\t<\/a>\n\t\t<\/h3>\n\t\t\t\t<div class=\"elementor-post__excerpt\">\n\t\t\t<p>Ectropi\u00f3n Es una malposici\u00f3n de los parpados (hacia a fuera ) exponiendo la conjuntiva en forma cr\u00f3nica&nbsp; al ambiente&nbsp; lo que se traduce en inflamaci\u00f3n<\/p>\n\t\t<\/div>\n\t\t\t\t\t<a class=\"elementor-post__read-more\" href=\"https:\/\/doctorchristianfontecilla.cl\/home\/ectropion-entropion-2\/\" >\n\t\t\t\tLeer M\u00e1s \u00bb\t\t\t<\/a>\n\t\t\t\t<\/div>\n\t\t\t\t\t<\/div>\n\t\t<\/article>\n\t\t\t\t<article class=\"elementor-post elementor-grid-item post-398 post type-post status-publish format-standard has-post-thumbnail hentry category-blog category-especialidades tag-ptosis-palpebral\">\n\t\t\t<div class=\"elementor-post__card\">\n\t\t\t\t<a class=\"elementor-post__thumbnail__link\" href=\"https:\/\/doctorchristianfontecilla.cl\/home\/ptosis-palpebral-2\/\" >\n\t\t\t<div class=\"elementor-post__thumbnail\"><img width=\"300\" height=\"149\" src=\"https:\/\/doctorchristianfontecilla.cl\/home\/wp-content\/uploads\/2022\/05\/ptosis-palpebral-300x149.jpeg\" class=\"attachment-medium size-medium\" alt=\"\" loading=\"lazy\" srcset=\"https:\/\/doctorchristianfontecilla.cl\/home\/wp-content\/uploads\/2022\/05\/ptosis-palpebral-300x149.jpeg 300w, https:\/\/doctorchristianfontecilla.cl\/home\/wp-content\/uploads\/2022\/05\/ptosis-palpebral-1024x508.jpeg 1024w, https:\/\/doctorchristianfontecilla.cl\/home\/wp-content\/uploads\/2022\/05\/ptosis-palpebral-768x381.jpeg 768w, https:\/\/doctorchristianfontecilla.cl\/home\/wp-content\/uploads\/2022\/05\/ptosis-palpebral.jpeg 1280w\" sizes=\"(max-width: 300px) 100vw, 300px\" \/><\/div>\n\t\t<\/a>\n\t\t\t\t<div class=\"elementor-post__text\">\n\t\t\t\t<h3 class=\"elementor-post__title\">\n\t\t\t<a href=\"https:\/\/doctorchristianfontecilla.cl\/home\/ptosis-palpebral-2\/\" >\n\t\t\t\tPtosis Palpebral\t\t\t<\/a>\n\t\t<\/h3>\n\t\t\t\t<div class=\"elementor-post__excerpt\">\n\t\t\t<p>Es la ca\u00edda de uno o ambos p\u00e1rpados . Las razones de esto son m\u00faltiples y dependen de la edad&nbsp; del paciente y de las<\/p>\n\t\t<\/div>\n\t\t\t\t\t<a class=\"elementor-post__read-more\" href=\"https:\/\/doctorchristianfontecilla.cl\/home\/ptosis-palpebral-2\/\" >\n\t\t\t\tLeer M\u00e1s \u00bb\t\t\t<\/a>\n\t\t\t\t<\/div>\n\t\t\t\t\t<\/div>\n\t\t<\/article>\n\t\t\t\t<article class=\"elementor-post elementor-grid-item post-388 post type-post status-publish format-standard has-post-thumbnail hentry category-blog category-especialidades tag-blefaroplastia\">\n\t\t\t<div class=\"elementor-post__card\">\n\t\t\t\t<a class=\"elementor-post__thumbnail__link\" href=\"https:\/\/doctorchristianfontecilla.cl\/home\/blefaroplastia-2\/\" >\n\t\t\t<div class=\"elementor-post__thumbnail\"><img width=\"300\" height=\"300\" src=\"https:\/\/doctorchristianfontecilla.cl\/home\/wp-content\/uploads\/2019\/07\/eyelight-300x300.jpg\" class=\"attachment-medium size-medium\" alt=\"\" loading=\"lazy\" srcset=\"https:\/\/doctorchristianfontecilla.cl\/home\/wp-content\/uploads\/2019\/07\/eyelight-300x300.jpg 300w, https:\/\/doctorchristianfontecilla.cl\/home\/wp-content\/uploads\/2019\/07\/eyelight-150x150.jpg 150w, https:\/\/doctorchristianfontecilla.cl\/home\/wp-content\/uploads\/2019\/07\/eyelight.jpg 750w\" sizes=\"(max-width: 300px) 100vw, 300px\" \/><\/div>\n\t\t<\/a>\n\t\t\t\t<div class=\"elementor-post__text\">\n\t\t\t\t<h3 class=\"elementor-post__title\">\n\t\t\t<a href=\"https:\/\/doctorchristianfontecilla.cl\/home\/blefaroplastia-2\/\" >\n\t\t\t\tBlefaroplastia\t\t\t<\/a>\n\t\t<\/h3>\n\t\t\t\t<div class=\"elementor-post__excerpt\">\n\t\t\t<p>Blefaroplastia superior Es&nbsp; un procedimiento donde se extrae el exceso de piel&nbsp; y\/o grasa&nbsp; de los parpados. Blefaroplastia inferior Este procedimiento donde se extrae grasa<\/p>\n\t\t<\/div>\n\t\t\t\t\t<a class=\"elementor-post__read-more\" href=\"https:\/\/doctorchristianfontecilla.cl\/home\/blefaroplastia-2\/\" >\n\t\t\t\tLeer M\u00e1s \u00bb\t\t\t<\/a>\n\t\t\t\t<\/div>\n\t\t\t\t\t<\/div>\n\t\t<\/article>\n\t\t\t\t<article class=\"elementor-post elementor-grid-item post-335 post type-post status-publish format-standard has-post-thumbnail hentry category-blog category-especialidades tag-astigmatismo tag-hipermetropia tag-miopia\">\n\t\t\t<div class=\"elementor-post__card\">\n\t\t\t\t<a class=\"elementor-post__thumbnail__link\" href=\"https:\/\/doctorchristianfontecilla.cl\/home\/miopia-astigmatismo-hipermetropia-2\/\" >\n\t\t\t<div class=\"elementor-post__thumbnail\"><img width=\"300\" height=\"225\" src=\"https:\/\/doctorchristianfontecilla.cl\/home\/wp-content\/uploads\/2022\/03\/letras600-300x225.png\" class=\"attachment-medium size-medium\" alt=\"\" loading=\"lazy\" srcset=\"https:\/\/doctorchristianfontecilla.cl\/home\/wp-content\/uploads\/2022\/03\/letras600-300x225.png 300w, https:\/\/doctorchristianfontecilla.cl\/home\/wp-content\/uploads\/2022\/03\/letras600.png 600w\" sizes=\"(max-width: 300px) 100vw, 300px\" \/><\/div>\n\t\t<\/a>\n\t\t\t\t<div class=\"elementor-post__text\">\n\t\t\t\t<h3 class=\"elementor-post__title\">\n\t\t\t<a href=\"https:\/\/doctorchristianfontecilla.cl\/home\/miopia-astigmatismo-hipermetropia-2\/\" >\n\t\t\t\tMiop\u00eda, Astigmatismo, Hipermetrop\u00eda\t\t\t<\/a>\n\t\t<\/h3>\n\t\t\t\t<div class=\"elementor-post__excerpt\">\n\t\t\t<p>La miop\u00eda, la hipermetrop\u00eda y el astigmatismo son tres de las&nbsp;alteraciones visuales&nbsp;m\u00e1s comunes. De hecho, seg\u00fan datos de la Organizaci\u00f3n Mundial de la Salud,&nbsp;m\u00e1s del<\/p>\n\t\t<\/div>\n\t\t\t\t\t<a class=\"elementor-post__read-more\" href=\"https:\/\/doctorchristianfontecilla.cl\/home\/miopia-astigmatismo-hipermetropia-2\/\" >\n\t\t\t\tLeer M\u00e1s \u00bb\t\t\t<\/a>\n\t\t\t\t<\/div>\n\t\t\t\t\t<\/div>\n\t\t<\/article>\n\t\t\t\t<article class=\"elementor-post elementor-grid-item post-332 post type-post status-publish format-standard has-post-thumbnail hentry category-blog category-especialidades tag-lagrimal tag-palpebral tag-patologia\">\n\t\t\t<div class=\"elementor-post__card\">\n\t\t\t\t<a class=\"elementor-post__thumbnail__link\" href=\"https:\/\/doctorchristianfontecilla.cl\/home\/patologia-palpebral-y-lagrimal\/\" >\n\t\t\t<div class=\"elementor-post__thumbnail\"><img width=\"300\" height=\"200\" src=\"https:\/\/doctorchristianfontecilla.cl\/home\/wp-content\/uploads\/2022\/05\/358e7ee662d560a0effac5a368bc5aef-300x200.jpg\" class=\"attachment-medium size-medium\" alt=\"\" loading=\"lazy\" srcset=\"https:\/\/doctorchristianfontecilla.cl\/home\/wp-content\/uploads\/2022\/05\/358e7ee662d560a0effac5a368bc5aef-300x200.jpg 300w, https:\/\/doctorchristianfontecilla.cl\/home\/wp-content\/uploads\/2022\/05\/358e7ee662d560a0effac5a368bc5aef-1024x683.jpg 1024w, https:\/\/doctorchristianfontecilla.cl\/home\/wp-content\/uploads\/2022\/05\/358e7ee662d560a0effac5a368bc5aef-768x512.jpg 768w, https:\/\/doctorchristianfontecilla.cl\/home\/wp-content\/uploads\/2022\/05\/358e7ee662d560a0effac5a368bc5aef.jpg 1200w\" sizes=\"(max-width: 300px) 100vw, 300px\" \/><\/div>\n\t\t<\/a>\n\t\t\t\t<div class=\"elementor-post__text\">\n\t\t\t\t<h3 class=\"elementor-post__title\">\n\t\t\t<a href=\"https:\/\/doctorchristianfontecilla.cl\/home\/patologia-palpebral-y-lagrimal\/\" >\n\t\t\t\tPatolog\u00eda palpebral y lagrimal\t\t\t<\/a>\n\t\t<\/h3>\n\t\t\t\t<div class=\"elementor-post__excerpt\">\n\t\t\t<p>\u00bfDe qu\u00e9 hablamos? La patolog\u00eda del p\u00e1rpado y aparato lagrimal constituye un motivo de consulta frecuente tanto en atenci\u00f3n primaria como en la urgencia de<\/p>\n\t\t<\/div>\n\t\t\t\t\t<a class=\"elementor-post__read-more\" href=\"https:\/\/doctorchristianfontecilla.cl\/home\/patologia-palpebral-y-lagrimal\/\" >\n\t\t\t\tLeer M\u00e1s \u00bb\t\t\t<\/a>\n\t\t\t\t<\/div>\n\t\t\t\t\t<\/div>\n\t\t<\/article>\n\t\t\t\t<\/div>\n\t\t\t\t<\/div>\n\t\t\t\t<\/div>\n\t\t\t\t\t<\/div>\n\t\t<\/div>\n\t\t\t\t\t\t\t<\/div>\n\t\t<\/section>\n\t\t\t\t\t\t\t<\/div>\n\t\t","protected":false},"excerpt":{"rendered":"<p>Servicios M\u00e9dicos Especialidades<\/p>\n","protected":false},"author":2,"featured_media":0,"parent":0,"menu_order":0,"comment_status":"closed","ping_status":"closed","template":"","meta":[],"_links":{"self":[{"href":"https:\/\/doctorchristianfontecilla.cl\/home\/wp-json\/wp\/v2\/pages\/1333"}],"collection":[{"href":"https:\/\/doctorchristianfontecilla.cl\/home\/wp-json\/wp\/v2\/pages"}],"about":[{"href":"https:\/\/doctorchristianfontecilla.cl\/home\/wp-json\/wp\/v2\/types\/page"}],"author":[{"embeddable":true,"href":"https:\/\/doctorchristianfontecilla.cl\/home\/wp-json\/wp\/v2\/users\/2"}],"replies":[{"embeddable":true,"href":"https:\/\/doctorchristianfontecilla.cl\/home\/wp-json\/wp\/v2\/comments?post=1333"}],"version-history":[{"count":7,"href":"https:\/\/doctorchristianfontecilla.cl\/home\/wp-json\/wp\/v2\/pages\/1333\/revisions"}],"predecessor-version":[{"id":1357,"href":"https:\/\/doctorchristianfontecilla.cl\/home\/wp-json\/wp\/v2\/pages\/1333\/revisions\/1357"}],"wp:attachment":[{"href":"https:\/\/doctorchristianfontecilla.cl\/home\/wp-json\/wp\/v2\/media?parent=1333"}],"curies":[{"name":"wp","href":"https:\/\/api.w.org\/{rel}","templated":true}]}}