{"id":1347,"date":"2022-12-06T15:15:24","date_gmt":"2022-12-06T15:15:24","guid":{"rendered":"https:\/\/doctorchristianfontecilla.cl\/home\/?page_id=1347"},"modified":"2022-12-06T15:17:32","modified_gmt":"2022-12-06T15:17:32","slug":"patologias","status":"publish","type":"page","link":"https:\/\/doctorchristianfontecilla.cl\/home\/patologias\/","title":{"rendered":"Patolog\u00edas"},"content":{"rendered":"\t\t<div data-elementor-type=\"wp-page\" data-elementor-id=\"1347\" class=\"elementor elementor-1347\">\n\t\t\t\t\t\t\t\t\t<section class=\"elementor-section elementor-top-section elementor-element elementor-element-09271e9 elementor-section-boxed elementor-section-height-default elementor-section-height-default\" data-id=\"09271e9\" data-element_type=\"section\" data-settings=\"{&quot;background_background&quot;:&quot;classic&quot;}\">\n\t\t\t\t\t\t\t<div class=\"elementor-background-overlay\"><\/div>\n\t\t\t\t\t\t\t<div class=\"elementor-container elementor-column-gap-default\">\n\t\t\t\t\t<div class=\"elementor-column elementor-col-100 elementor-top-column elementor-element elementor-element-1155d3f\" data-id=\"1155d3f\" data-element_type=\"column\">\n\t\t\t<div class=\"elementor-widget-wrap elementor-element-populated\">\n\t\t\t\t\t\t\t\t<div class=\"elementor-element elementor-element-60662cf animated-slow elementor-invisible elementor-widget elementor-widget-heading\" data-id=\"60662cf\" data-element_type=\"widget\" data-settings=\"{&quot;_animation&quot;:&quot;fadeInUp&quot;}\" data-widget_type=\"heading.default\">\n\t\t\t\t<div class=\"elementor-widget-container\">\n\t\t\t<style>\/*! elementor - v3.6.1 - 23-03-2022 *\/\n.elementor-heading-title{padding:0;margin:0;line-height:1}.elementor-widget-heading .elementor-heading-title[class*=elementor-size-]>a{color:inherit;font-size:inherit;line-height:inherit}.elementor-widget-heading .elementor-heading-title.elementor-size-small{font-size:15px}.elementor-widget-heading .elementor-heading-title.elementor-size-medium{font-size:19px}.elementor-widget-heading .elementor-heading-title.elementor-size-large{font-size:29px}.elementor-widget-heading .elementor-heading-title.elementor-size-xl{font-size:39px}.elementor-widget-heading .elementor-heading-title.elementor-size-xxl{font-size:59px}<\/style><h5 class=\"elementor-heading-title elementor-size-default\">Servicios M\u00e9dicos<\/h5>\t\t<\/div>\n\t\t\t\t<\/div>\n\t\t\t\t<div class=\"elementor-element elementor-element-75d71c0 elementor-widget elementor-widget-heading\" data-id=\"75d71c0\" data-element_type=\"widget\" data-widget_type=\"heading.default\">\n\t\t\t\t<div class=\"elementor-widget-container\">\n\t\t\t<h2 class=\"elementor-heading-title elementor-size-default\">Patolog\u00edas<\/h2>\t\t<\/div>\n\t\t\t\t<\/div>\n\t\t\t\t<div class=\"elementor-element elementor-element-5b76e09 elementor-grid-3 elementor-grid-tablet-2 elementor-grid-mobile-1 elementor-posts--thumbnail-top elementor-card-shadow-yes elementor-posts__hover-gradient elementor-widget elementor-widget-posts\" data-id=\"5b76e09\" data-element_type=\"widget\" data-settings=\"{&quot;cards_row_gap&quot;:{&quot;unit&quot;:&quot;px&quot;,&quot;size&quot;:25,&quot;sizes&quot;:[]},&quot;cards_columns&quot;:&quot;3&quot;,&quot;cards_columns_tablet&quot;:&quot;2&quot;,&quot;cards_columns_mobile&quot;:&quot;1&quot;}\" data-widget_type=\"posts.cards\">\n\t\t\t\t<div class=\"elementor-widget-container\">\n\t\t\t<link rel=\"stylesheet\" href=\"https:\/\/doctorchristianfontecilla.cl\/home\/wp-content\/plugins\/elementor-pro\/assets\/css\/widget-posts.min.css\">\t\t<div class=\"elementor-posts-container elementor-posts elementor-posts--skin-cards elementor-grid\">\n\t\t\t\t<article class=\"elementor-post elementor-grid-item post-740 post type-post status-publish format-standard has-post-thumbnail hentry category-patologias tag-tumores-conjuntivales\">\n\t\t\t<div class=\"elementor-post__card\">\n\t\t\t\t<a class=\"elementor-post__thumbnail__link\" href=\"https:\/\/doctorchristianfontecilla.cl\/home\/tumores-conjuntivales\/\" >\n\t\t\t<div class=\"elementor-post__thumbnail\"><img width=\"600\" height=\"450\" src=\"https:\/\/doctorchristianfontecilla.cl\/home\/wp-content\/uploads\/2022\/04\/conjuntivales2.png\" class=\"attachment-full size-full\" alt=\"\" loading=\"lazy\" srcset=\"https:\/\/doctorchristianfontecilla.cl\/home\/wp-content\/uploads\/2022\/04\/conjuntivales2.png 600w, https:\/\/doctorchristianfontecilla.cl\/home\/wp-content\/uploads\/2022\/04\/conjuntivales2-300x225.png 300w\" sizes=\"(max-width: 600px) 100vw, 600px\" \/><\/div>\n\t\t<\/a>\n\t\t\t\t<div class=\"elementor-post__text\">\n\t\t\t\t<h4 class=\"elementor-post__title\">\n\t\t\t<a href=\"https:\/\/doctorchristianfontecilla.cl\/home\/tumores-conjuntivales\/\" >\n\t\t\t\tTumores conjuntivales\t\t\t<\/a>\n\t\t<\/h4>\n\t\t\t\t<div class=\"elementor-post__excerpt\">\n\t\t\t<p>Son aquellos tumores que aparecen en la conjuntiva que es la membrana que cubre al ojo. <\/p>\n\t\t<\/div>\n\t\t\t\t\t<a class=\"elementor-post__read-more\" href=\"https:\/\/doctorchristianfontecilla.cl\/home\/tumores-conjuntivales\/\" >\n\t\t\t\tLeer M\u00e1s \u00bb\t\t\t<\/a>\n\t\t\t\t<\/div>\n\t\t\t\t\t<\/div>\n\t\t<\/article>\n\t\t\t\t<article class=\"elementor-post elementor-grid-item post-705 post type-post status-publish format-standard has-post-thumbnail hentry category-patologias tag-tumores-orbitarios\">\n\t\t\t<div class=\"elementor-post__card\">\n\t\t\t\t<a class=\"elementor-post__thumbnail__link\" href=\"https:\/\/doctorchristianfontecilla.cl\/home\/tumores-orbitarios\/\" >\n\t\t\t<div class=\"elementor-post__thumbnail\"><img width=\"600\" height=\"450\" src=\"https:\/\/doctorchristianfontecilla.cl\/home\/wp-content\/uploads\/2022\/04\/orbital.png\" class=\"attachment-full size-full\" alt=\"\" loading=\"lazy\" srcset=\"https:\/\/doctorchristianfontecilla.cl\/home\/wp-content\/uploads\/2022\/04\/orbital.png 600w, https:\/\/doctorchristianfontecilla.cl\/home\/wp-content\/uploads\/2022\/04\/orbital-300x225.png 300w\" sizes=\"(max-width: 600px) 100vw, 600px\" \/><\/div>\n\t\t<\/a>\n\t\t\t\t<div class=\"elementor-post__text\">\n\t\t\t\t<h4 class=\"elementor-post__title\">\n\t\t\t<a href=\"https:\/\/doctorchristianfontecilla.cl\/home\/tumores-orbitarios\/\" >\n\t\t\t\tTumores orbitarios\t\t\t<\/a>\n\t\t<\/h4>\n\t\t\t\t<div class=\"elementor-post__excerpt\">\n\t\t\t<p>Son tumores muy poco frecuentes, benignos ,que en su mayor\u00eda crecen lentamente. <\/p>\n\t\t<\/div>\n\t\t\t\t\t<a class=\"elementor-post__read-more\" href=\"https:\/\/doctorchristianfontecilla.cl\/home\/tumores-orbitarios\/\" >\n\t\t\t\tLeer M\u00e1s \u00bb\t\t\t<\/a>\n\t\t\t\t<\/div>\n\t\t\t\t\t<\/div>\n\t\t<\/article>\n\t\t\t\t<article class=\"elementor-post elementor-grid-item post-703 post type-post status-publish format-standard has-post-thumbnail hentry category-patologias tag-tumores-palpebrales\">\n\t\t\t<div class=\"elementor-post__card\">\n\t\t\t\t<a class=\"elementor-post__thumbnail__link\" href=\"https:\/\/doctorchristianfontecilla.cl\/home\/tumores-palpebrales\/\" >\n\t\t\t<div class=\"elementor-post__thumbnail\"><img width=\"600\" height=\"450\" src=\"https:\/\/doctorchristianfontecilla.cl\/home\/wp-content\/uploads\/2022\/04\/tumores.png\" class=\"attachment-full size-full\" alt=\"\" loading=\"lazy\" srcset=\"https:\/\/doctorchristianfontecilla.cl\/home\/wp-content\/uploads\/2022\/04\/tumores.png 600w, https:\/\/doctorchristianfontecilla.cl\/home\/wp-content\/uploads\/2022\/04\/tumores-300x225.png 300w\" sizes=\"(max-width: 600px) 100vw, 600px\" \/><\/div>\n\t\t<\/a>\n\t\t\t\t<div class=\"elementor-post__text\">\n\t\t\t\t<h4 class=\"elementor-post__title\">\n\t\t\t<a href=\"https:\/\/doctorchristianfontecilla.cl\/home\/tumores-palpebrales\/\" >\n\t\t\t\tTumores palpebrales\t\t\t<\/a>\n\t\t<\/h4>\n\t\t\t\t<div class=\"elementor-post__excerpt\">\n\t\t\t<p>Son aquellos tumores que aparecen en los tejidos que rodean al ojo. La mayor\u00eda son benignos y frecuentes en la poblaci\u00f3n.<\/p>\n\t\t<\/div>\n\t\t\t\t\t<a class=\"elementor-post__read-more\" href=\"https:\/\/doctorchristianfontecilla.cl\/home\/tumores-palpebrales\/\" >\n\t\t\t\tLeer M\u00e1s \u00bb\t\t\t<\/a>\n\t\t\t\t<\/div>\n\t\t\t\t\t<\/div>\n\t\t<\/article>\n\t\t\t\t<article class=\"elementor-post elementor-grid-item post-443 post type-post status-publish format-standard has-post-thumbnail hentry category-patologias tag-paralisis-del-nervio-facial\">\n\t\t\t<div class=\"elementor-post__card\">\n\t\t\t\t<a class=\"elementor-post__thumbnail__link\" href=\"https:\/\/doctorchristianfontecilla.cl\/home\/paralisis-del-nervio-facial\/\" >\n\t\t\t<div class=\"elementor-post__thumbnail\"><img width=\"600\" height=\"450\" src=\"https:\/\/doctorchristianfontecilla.cl\/home\/wp-content\/uploads\/2022\/04\/paralisis-facial-3_opt2.jpg\" class=\"attachment-full size-full\" alt=\"\" loading=\"lazy\" srcset=\"https:\/\/doctorchristianfontecilla.cl\/home\/wp-content\/uploads\/2022\/04\/paralisis-facial-3_opt2.jpg 600w, https:\/\/doctorchristianfontecilla.cl\/home\/wp-content\/uploads\/2022\/04\/paralisis-facial-3_opt2-300x225.jpg 300w\" sizes=\"(max-width: 600px) 100vw, 600px\" \/><\/div>\n\t\t<\/a>\n\t\t\t\t<div class=\"elementor-post__text\">\n\t\t\t\t<h4 class=\"elementor-post__title\">\n\t\t\t<a href=\"https:\/\/doctorchristianfontecilla.cl\/home\/paralisis-del-nervio-facial\/\" >\n\t\t\t\tPar\u00e1lisis Del Nervio Facial\t\t\t<\/a>\n\t\t<\/h4>\n\t\t\t\t<div class=\"elementor-post__excerpt\">\n\t\t\t<p>\u00bfQU\u00c9 LA CAUSA? Se produce da\u00f1o en el nervio facial. Las principales&nbsp; causas son idiop\u00e1ticas (no identificadas), infecciones, tumores, trauma o post operatorias. \u00bfQu\u00e9 consecuencias<\/p>\n\t\t<\/div>\n\t\t\t\t\t<a class=\"elementor-post__read-more\" href=\"https:\/\/doctorchristianfontecilla.cl\/home\/paralisis-del-nervio-facial\/\" >\n\t\t\t\tLeer M\u00e1s \u00bb\t\t\t<\/a>\n\t\t\t\t<\/div>\n\t\t\t\t\t<\/div>\n\t\t<\/article>\n\t\t\t\t<article class=\"elementor-post elementor-grid-item post-435 post type-post status-publish format-standard has-post-thumbnail hentry category-patologias tag-epifora tag-lagrimeo\">\n\t\t\t<div class=\"elementor-post__card\">\n\t\t\t\t<a class=\"elementor-post__thumbnail__link\" href=\"https:\/\/doctorchristianfontecilla.cl\/home\/epifora-o-lagrimeo\/\" >\n\t\t\t<div class=\"elementor-post__thumbnail\"><img width=\"600\" height=\"450\" src=\"https:\/\/doctorchristianfontecilla.cl\/home\/wp-content\/uploads\/2022\/04\/epifora-ocular-2.jpg\" class=\"attachment-full size-full\" alt=\"\" loading=\"lazy\" srcset=\"https:\/\/doctorchristianfontecilla.cl\/home\/wp-content\/uploads\/2022\/04\/epifora-ocular-2.jpg 600w, https:\/\/doctorchristianfontecilla.cl\/home\/wp-content\/uploads\/2022\/04\/epifora-ocular-2-300x225.jpg 300w\" sizes=\"(max-width: 600px) 100vw, 600px\" \/><\/div>\n\t\t<\/a>\n\t\t\t\t<div class=\"elementor-post__text\">\n\t\t\t\t<h4 class=\"elementor-post__title\">\n\t\t\t<a href=\"https:\/\/doctorchristianfontecilla.cl\/home\/epifora-o-lagrimeo\/\" >\n\t\t\t\tEpifora o Lagrimeo\t\t\t<\/a>\n\t\t<\/h4>\n\t\t\t\t<div class=\"elementor-post__excerpt\">\n\t\t\t<p>\u00bfQu\u00e9 lo causa? Una vez descartada que la&nbsp; causa del lagrimeo o epifora sea ojo seco , malposici\u00f3n palpebral o&nbsp; alg\u00fan proceso como conjuntivitis ,<\/p>\n\t\t<\/div>\n\t\t\t\t\t<a class=\"elementor-post__read-more\" href=\"https:\/\/doctorchristianfontecilla.cl\/home\/epifora-o-lagrimeo\/\" >\n\t\t\t\tLeer M\u00e1s \u00bb\t\t\t<\/a>\n\t\t\t\t<\/div>\n\t\t\t\t\t<\/div>\n\t\t<\/article>\n\t\t\t\t<article class=\"elementor-post elementor-grid-item post-430 post type-post status-publish format-standard has-post-thumbnail hentry category-patologias tag-malposiciones-palpebrales\">\n\t\t\t<div class=\"elementor-post__card\">\n\t\t\t\t<a class=\"elementor-post__thumbnail__link\" href=\"https:\/\/doctorchristianfontecilla.cl\/home\/malposiciones-palpebrales\/\" >\n\t\t\t<div class=\"elementor-post__thumbnail\"><img width=\"1024\" height=\"517\" src=\"https:\/\/doctorchristianfontecilla.cl\/home\/wp-content\/uploads\/2019\/07\/ptosis-1024x517.jpg.webp\" class=\"attachment-full size-full\" alt=\"\" loading=\"lazy\" srcset=\"https:\/\/doctorchristianfontecilla.cl\/home\/wp-content\/uploads\/2019\/07\/ptosis-1024x517.jpg.webp 1024w, https:\/\/doctorchristianfontecilla.cl\/home\/wp-content\/uploads\/2019\/07\/ptosis-1024x517.jpg-300x151.webp 300w, https:\/\/doctorchristianfontecilla.cl\/home\/wp-content\/uploads\/2019\/07\/ptosis-1024x517.jpg-768x388.webp 768w\" sizes=\"(max-width: 1024px) 100vw, 1024px\" \/><\/div>\n\t\t<\/a>\n\t\t\t\t<div class=\"elementor-post__text\">\n\t\t\t\t<h4 class=\"elementor-post__title\">\n\t\t\t<a href=\"https:\/\/doctorchristianfontecilla.cl\/home\/malposiciones-palpebrales\/\" >\n\t\t\t\tMalposiciones Palpebrales\t\t\t<\/a>\n\t\t<\/h4>\n\t\t\t\t<div class=\"elementor-post__excerpt\">\n\t\t\t<p>Son 4 los tipos de malposici\u00f3n Blefaroptosis: es la ca\u00edda de&nbsp; los parpados, con lo cual disminuye el campo visual de la persona .Esta patolog\u00eda<\/p>\n\t\t<\/div>\n\t\t\t\t\t<a class=\"elementor-post__read-more\" href=\"https:\/\/doctorchristianfontecilla.cl\/home\/malposiciones-palpebrales\/\" >\n\t\t\t\tLeer M\u00e1s \u00bb\t\t\t<\/a>\n\t\t\t\t<\/div>\n\t\t\t\t\t<\/div>\n\t\t<\/article>\n\t\t\t\t<article class=\"elementor-post elementor-grid-item post-422 post type-post status-publish format-standard has-post-thumbnail hentry category-patologias tag-blefaritis tag-ojo-seco tag-parpados\">\n\t\t\t<div class=\"elementor-post__card\">\n\t\t\t\t<a class=\"elementor-post__thumbnail__link\" href=\"https:\/\/doctorchristianfontecilla.cl\/home\/blefaritis-2\/\" >\n\t\t\t<div class=\"elementor-post__thumbnail\"><img width=\"600\" height=\"450\" src=\"https:\/\/doctorchristianfontecilla.cl\/home\/wp-content\/uploads\/2022\/04\/blefaritis-real.jpg\" class=\"attachment-full size-full\" alt=\"\" loading=\"lazy\" srcset=\"https:\/\/doctorchristianfontecilla.cl\/home\/wp-content\/uploads\/2022\/04\/blefaritis-real.jpg 600w, https:\/\/doctorchristianfontecilla.cl\/home\/wp-content\/uploads\/2022\/04\/blefaritis-real-300x225.jpg 300w\" sizes=\"(max-width: 600px) 100vw, 600px\" \/><\/div>\n\t\t<\/a>\n\t\t\t\t<div class=\"elementor-post__text\">\n\t\t\t\t<h4 class=\"elementor-post__title\">\n\t\t\t<a href=\"https:\/\/doctorchristianfontecilla.cl\/home\/blefaritis-2\/\" >\n\t\t\t\tBlefaritis\t\t\t<\/a>\n\t\t<\/h4>\n\t\t\t\t<div class=\"elementor-post__excerpt\">\n\t\t\t<p>Es una inflamaci\u00f3n del borde del p\u00e1rpado que conlleva a una disminuci\u00f3n de la calidad de las lagrimas y ojos secos como consecuencia final .<\/p>\n\t\t<\/div>\n\t\t\t\t\t<a class=\"elementor-post__read-more\" href=\"https:\/\/doctorchristianfontecilla.cl\/home\/blefaritis-2\/\" >\n\t\t\t\tLeer M\u00e1s \u00bb\t\t\t<\/a>\n\t\t\t\t<\/div>\n\t\t\t\t\t<\/div>\n\t\t<\/article>\n\t\t\t\t<\/div>\n\t\t\t\t<\/div>\n\t\t\t\t<\/div>\n\t\t\t\t\t<\/div>\n\t\t<\/div>\n\t\t\t\t\t\t\t<\/div>\n\t\t<\/section>\n\t\t\t\t\t\t\t<\/div>\n\t\t","protected":false},"excerpt":{"rendered":"<p>Servicios M\u00e9dicos Patolog\u00edas<\/p>\n","protected":false},"author":2,"featured_media":0,"parent":0,"menu_order":0,"comment_status":"closed","ping_status":"closed","template":"","meta":[],"_links":{"self":[{"href":"https:\/\/doctorchristianfontecilla.cl\/home\/wp-json\/wp\/v2\/pages\/1347"}],"collection":[{"href":"https:\/\/doctorchristianfontecilla.cl\/home\/wp-json\/wp\/v2\/pages"}],"about":[{"href":"https:\/\/doctorchristianfontecilla.cl\/home\/wp-json\/wp\/v2\/types\/page"}],"author":[{"embeddable":true,"href":"https:\/\/doctorchristianfontecilla.cl\/home\/wp-json\/wp\/v2\/users\/2"}],"replies":[{"embeddable":true,"href":"https:\/\/doctorchristianfontecilla.cl\/home\/wp-json\/wp\/v2\/comments?post=1347"}],"version-history":[{"count":7,"href":"https:\/\/doctorchristianfontecilla.cl\/home\/wp-json\/wp\/v2\/pages\/1347\/revisions"}],"predecessor-version":[{"id":1354,"href":"https:\/\/doctorchristianfontecilla.cl\/home\/wp-json\/wp\/v2\/pages\/1347\/revisions\/1354"}],"wp:attachment":[{"href":"https:\/\/doctorchristianfontecilla.cl\/home\/wp-json\/wp\/v2\/media?parent=1347"}],"curies":[{"name":"wp","href":"https:\/\/api.w.org\/{rel}","templated":true}]}}