{"id":801,"date":"2022-05-03T00:22:57","date_gmt":"2022-05-03T00:22:57","guid":{"rendered":"https:\/\/doctorchristianfontecilla.cl\/home\/?page_id=801"},"modified":"2022-05-03T00:44:14","modified_gmt":"2022-05-03T00:44:14","slug":"sobre-mi","status":"publish","type":"page","link":"https:\/\/doctorchristianfontecilla.cl\/home\/sobre-mi\/","title":{"rendered":"Sobre mi"},"content":{"rendered":"\t\t<div data-elementor-type=\"wp-page\" data-elementor-id=\"801\" class=\"elementor elementor-801\">\n\t\t\t\t\t\t\t\t\t<section class=\"elementor-section elementor-top-section elementor-element elementor-element-9a5a676 elementor-section-full_width elementor-reverse-tablet elementor-reverse-mobile elementor-hidden-mobile elementor-section-height-default elementor-section-height-default\" data-id=\"9a5a676\" data-element_type=\"section\" data-settings=\"{&quot;background_background&quot;:&quot;classic&quot;}\">\n\t\t\t\t\t\t<div class=\"elementor-container elementor-column-gap-default\">\n\t\t\t\t\t<div class=\"elementor-column elementor-col-50 elementor-top-column elementor-element elementor-element-3a1c221b\" data-id=\"3a1c221b\" data-element_type=\"column\" data-settings=\"{&quot;background_background&quot;:&quot;classic&quot;}\">\n\t\t\t<div class=\"elementor-widget-wrap elementor-element-populated\">\n\t\t\t\t\t<div class=\"elementor-background-overlay\"><\/div>\n\t\t\t\t\t\t\t\t<div class=\"elementor-element elementor-element-62b9ab08 animated-slow elementor-invisible elementor-widget elementor-widget-heading\" data-id=\"62b9ab08\" data-element_type=\"widget\" data-settings=\"{&quot;_animation&quot;:&quot;fadeInRight&quot;}\" data-widget_type=\"heading.default\">\n\t\t\t\t<div class=\"elementor-widget-container\">\n\t\t\t<style>\/*! elementor - v3.6.1 - 23-03-2022 *\/\n.elementor-heading-title{padding:0;margin:0;line-height:1}.elementor-widget-heading .elementor-heading-title[class*=elementor-size-]>a{color:inherit;font-size:inherit;line-height:inherit}.elementor-widget-heading .elementor-heading-title.elementor-size-small{font-size:15px}.elementor-widget-heading .elementor-heading-title.elementor-size-medium{font-size:19px}.elementor-widget-heading .elementor-heading-title.elementor-size-large{font-size:29px}.elementor-widget-heading .elementor-heading-title.elementor-size-xl{font-size:39px}.elementor-widget-heading .elementor-heading-title.elementor-size-xxl{font-size:59px}<\/style><h5 class=\"elementor-heading-title elementor-size-default\">Sobre Mi<\/h5>\t\t<\/div>\n\t\t\t\t<\/div>\n\t\t\t\t<div class=\"elementor-element elementor-element-4f4e5055 elementor-widget elementor-widget-heading\" data-id=\"4f4e5055\" data-element_type=\"widget\" data-widget_type=\"heading.default\">\n\t\t\t\t<div class=\"elementor-widget-container\">\n\t\t\t<h2 class=\"elementor-heading-title elementor-size-default\">Dr. Christian Fontecilla, oftalm\u00f3logo formado en el Hospital Clinic de Barcelona<\/h2>\t\t<\/div>\n\t\t\t\t<\/div>\n\t\t\t\t<div class=\"elementor-element elementor-element-90ff93c elementor-widget elementor-widget-text-editor\" data-id=\"90ff93c\" data-element_type=\"widget\" data-widget_type=\"text-editor.default\">\n\t\t\t\t<div class=\"elementor-widget-container\">\n\t\t\t<style>\/*! elementor - v3.6.1 - 23-03-2022 *\/\n.elementor-widget-text-editor.elementor-drop-cap-view-stacked .elementor-drop-cap{background-color:#818a91;color:#fff}.elementor-widget-text-editor.elementor-drop-cap-view-framed .elementor-drop-cap{color:#818a91;border:3px solid;background-color:transparent}.elementor-widget-text-editor:not(.elementor-drop-cap-view-default) .elementor-drop-cap{margin-top:8px}.elementor-widget-text-editor:not(.elementor-drop-cap-view-default) .elementor-drop-cap-letter{width:1em;height:1em}.elementor-widget-text-editor .elementor-drop-cap{float:left;text-align:center;line-height:1;font-size:50px}.elementor-widget-text-editor .elementor-drop-cap-letter{display:inline-block}<\/style>\t\t\t\t<p>El Dr. Christian Fontecilla, es un oftalm\u00f3logo formado en el Hospital Clinic de Barcelona (Universidad de Barcelona), tras lo cual\u00a0 realiz\u00f3 la subespecialidad\u00a0 de oculopl\u00e1stica en el Instituto de Microcirug\u00eda Ocular (Universidad Aut\u00f3noma de Barcelona).<\/p><p>Luego en\u00a0 Chile homolog\u00f3 la especialidad\u00a0 en Conacem y est\u00e1 en regla en la Superintendencia de salud de Chile.<\/p>\t\t\t\t\t\t<\/div>\n\t\t\t\t<\/div>\n\t\t\t\t<div class=\"elementor-element elementor-element-d9e2be4 elementor-tabs-view-vertical elementor-widget elementor-widget-tabs\" data-id=\"d9e2be4\" data-element_type=\"widget\" data-widget_type=\"tabs.default\">\n\t\t\t\t<div class=\"elementor-widget-container\">\n\t\t\t<style>\/*! elementor - v3.6.1 - 23-03-2022 *\/\n.elementor-widget-tabs.elementor-tabs-view-vertical .elementor-tabs-wrapper{width:25%;-ms-flex-negative:0;flex-shrink:0}.elementor-widget-tabs.elementor-tabs-view-vertical .elementor-tab-desktop-title.elementor-active{border-right-style:none}.elementor-widget-tabs.elementor-tabs-view-vertical .elementor-tab-desktop-title.elementor-active:after,.elementor-widget-tabs.elementor-tabs-view-vertical .elementor-tab-desktop-title.elementor-active:before{height:999em;width:0;right:0;border-right-style:solid}.elementor-widget-tabs.elementor-tabs-view-vertical .elementor-tab-desktop-title.elementor-active:before{top:0;-webkit-transform:translateY(-100%);-ms-transform:translateY(-100%);transform:translateY(-100%)}.elementor-widget-tabs.elementor-tabs-view-vertical .elementor-tab-desktop-title.elementor-active:after{top:100%}.elementor-widget-tabs.elementor-tabs-view-horizontal .elementor-tab-desktop-title{display:table-cell}.elementor-widget-tabs.elementor-tabs-view-horizontal .elementor-tab-desktop-title.elementor-active{border-bottom-style:none}.elementor-widget-tabs.elementor-tabs-view-horizontal .elementor-tab-desktop-title.elementor-active:after,.elementor-widget-tabs.elementor-tabs-view-horizontal .elementor-tab-desktop-title.elementor-active:before{bottom:0;height:0;width:999em;border-bottom-style:solid}.elementor-widget-tabs.elementor-tabs-view-horizontal .elementor-tab-desktop-title.elementor-active:before{right:100%}.elementor-widget-tabs.elementor-tabs-view-horizontal .elementor-tab-desktop-title.elementor-active:after{left:100%}.elementor-widget-tabs .elementor-tab-content,.elementor-widget-tabs .elementor-tab-title,.elementor-widget-tabs .elementor-tab-title:after,.elementor-widget-tabs .elementor-tab-title:before,.elementor-widget-tabs .elementor-tabs-content-wrapper{border:1px #d4d4d4}.elementor-widget-tabs .elementor-tabs{text-align:left}.elementor-widget-tabs .elementor-tabs-wrapper{overflow:hidden}.elementor-widget-tabs .elementor-tab-title{cursor:pointer;outline:var(--focus-outline,none)}.elementor-widget-tabs .elementor-tab-desktop-title{position:relative;padding:20px 25px;font-weight:700;line-height:1;border:solid transparent}.elementor-widget-tabs .elementor-tab-desktop-title.elementor-active{border-color:#d4d4d4}.elementor-widget-tabs .elementor-tab-desktop-title.elementor-active:after,.elementor-widget-tabs .elementor-tab-desktop-title.elementor-active:before{display:block;content:\"\";position:absolute}.elementor-widget-tabs .elementor-tab-mobile-title{padding:10px;cursor:pointer}.elementor-widget-tabs .elementor-tab-content{padding:20px;display:none}@media (max-width:767px){.elementor-tabs .elementor-tab-content,.elementor-tabs .elementor-tab-title{border-style:solid solid none}.elementor-tabs .elementor-tabs-wrapper{display:none}.elementor-tabs .elementor-tabs-content-wrapper{border-bottom-style:solid}.elementor-tabs .elementor-tab-content{padding:10px}}@media (min-width:768px){.elementor-widget-tabs.elementor-tabs-view-vertical .elementor-tabs{display:-webkit-box;display:-ms-flexbox;display:flex}.elementor-widget-tabs.elementor-tabs-view-vertical .elementor-tabs-wrapper{-webkit-box-orient:vertical;-webkit-box-direction:normal;-ms-flex-direction:column;flex-direction:column}.elementor-widget-tabs.elementor-tabs-view-vertical .elementor-tabs-content-wrapper{-webkit-box-flex:1;-ms-flex-positive:1;flex-grow:1;border-style:solid solid solid none}.elementor-widget-tabs.elementor-tabs-view-horizontal .elementor-tab-content{border-style:none solid solid}.elementor-widget-tabs.elementor-tabs-alignment-center .elementor-tabs-wrapper,.elementor-widget-tabs.elementor-tabs-alignment-end .elementor-tabs-wrapper,.elementor-widget-tabs.elementor-tabs-alignment-stretch .elementor-tabs-wrapper{display:-webkit-box;display:-ms-flexbox;display:flex}.elementor-widget-tabs.elementor-tabs-alignment-center .elementor-tabs-wrapper{-webkit-box-pack:center;-ms-flex-pack:center;justify-content:center}.elementor-widget-tabs.elementor-tabs-alignment-end .elementor-tabs-wrapper{-webkit-box-pack:end;-ms-flex-pack:end;justify-content:flex-end}.elementor-widget-tabs.elementor-tabs-alignment-stretch.elementor-tabs-view-horizontal .elementor-tab-title{width:100%}.elementor-widget-tabs.elementor-tabs-alignment-stretch.elementor-tabs-view-vertical .elementor-tab-title{height:100%}.elementor-tabs .elementor-tab-mobile-title{display:none}}<\/style>\t\t<div class=\"elementor-tabs\">\n\t\t\t<div class=\"elementor-tabs-wrapper\" role=\"tablist\" >\n\t\t\t\t\t\t\t\t\t<div id=\"elementor-tab-title-2281\" class=\"elementor-tab-title elementor-tab-desktop-title\" aria-selected=\"true\" data-tab=\"1\" role=\"tab\" tabindex=\"0\" aria-controls=\"elementor-tab-content-2281\" aria-expanded=\"false\">Camino a la Oculopl\u00e1stica<\/div>\n\t\t\t\t\t\t\t\t\t<div id=\"elementor-tab-title-2282\" class=\"elementor-tab-title elementor-tab-desktop-title\" aria-selected=\"false\" data-tab=\"2\" role=\"tab\" tabindex=\"-1\" aria-controls=\"elementor-tab-content-2282\" aria-expanded=\"false\">\u00bfQu\u00e9 es la Oftalmolog\u00eda?<\/div>\n\t\t\t\t\t\t\t\t\t<div id=\"elementor-tab-title-2283\" class=\"elementor-tab-title elementor-tab-desktop-title\" aria-selected=\"false\" data-tab=\"3\" role=\"tab\" tabindex=\"-1\" aria-controls=\"elementor-tab-content-2283\" aria-expanded=\"false\">\u00bfQu\u00e9 es la Oculopl\u00e1stica?<\/div>\n\t\t\t\t\t\t\t\t\t<div id=\"elementor-tab-title-2284\" class=\"elementor-tab-title elementor-tab-desktop-title\" aria-selected=\"false\" data-tab=\"4\" role=\"tab\" tabindex=\"-1\" aria-controls=\"elementor-tab-content-2284\" aria-expanded=\"false\">\u00bfPor qu\u00e9 es importante acudir a un Oftalm\u00f3logo oculopl\u00e1stico y no a un oftalm\u00f3logo general?\t<\/div>\n\t\t\t\t\t\t\t<\/div>\n\t\t\t<div class=\"elementor-tabs-content-wrapper\" role=\"tablist\" aria-orientation=\"vertical\">\n\t\t\t\t\t\t\t\t\t<div class=\"elementor-tab-title elementor-tab-mobile-title\" aria-selected=\"true\" data-tab=\"1\" role=\"tab\" tabindex=\"0\" aria-controls=\"elementor-tab-content-2281\" aria-expanded=\"false\">Camino a la Oculopl\u00e1stica<\/div>\n\t\t\t\t\t<div id=\"elementor-tab-content-2281\" class=\"elementor-tab-content elementor-clearfix\" data-tab=\"1\" role=\"tabpanel\" aria-labelledby=\"elementor-tab-title-2281\" tabindex=\"0\" hidden=\"false\"><div class=\"wpsm_panel wpsm_panel-default\"><div id=\"ac_345_collapse1\" class=\"wpsm_panel-collapse collapse in\" aria-expanded=\"true\"><div class=\"wpsm_panel-body\">El t\u00edtulo de m\u00e9dico cirujano es una profesi\u00f3n de pregrado con el cu\u00e1l una persona puede ejercer en Chile como m\u00e9dico general. Luego, un titulado m\u00e9dico cirujano puede optar a seguir estudiando unos a\u00f1os m\u00e1s para obtener una especialidad m\u00e9dica entre las cuales est\u00e1 oftalmolog\u00eda. Ya con su t\u00edtulo de m\u00e9dico oftalm\u00f3logo, el profesional puede decidir estudiar todav\u00eda m\u00e1s, una especialidad dentro del \u00e1mbito oftalmol\u00f3gico, a las que se les llama subespecialidades. Una de las subespecialidades de oftalmolog\u00eda es la oculopl\u00e1stica. Es por esto que el Dr. Christian Fontecilla es oftalm\u00f3logo oculopl\u00e1stico.<\/div><\/div><\/div><div class=\"wpsm_panel wpsm_panel-default\"><div class=\"wpsm_panel-heading\" role=\"tab\"><h4 class=\"wpsm_panel-title\">\u00a0<\/h4><\/div><\/div><\/div>\n\t\t\t\t\t\t\t\t\t<div class=\"elementor-tab-title elementor-tab-mobile-title\" aria-selected=\"false\" data-tab=\"2\" role=\"tab\" tabindex=\"-1\" aria-controls=\"elementor-tab-content-2282\" aria-expanded=\"false\">\u00bfQu\u00e9 es la Oftalmolog\u00eda?<\/div>\n\t\t\t\t\t<div id=\"elementor-tab-content-2282\" class=\"elementor-tab-content elementor-clearfix\" data-tab=\"2\" role=\"tabpanel\" aria-labelledby=\"elementor-tab-title-2282\" tabindex=\"0\" hidden=\"hidden\"><div class=\"wpsm_panel wpsm_panel-default\"><div id=\"ac_345_collapse2\" class=\"wpsm_panel-collapse collapse in\" aria-expanded=\"true\"><div class=\"wpsm_panel-body\">Es la especialidad de la medicina que estudia y trata todas las enfermedades del ojo.<\/div><\/div><\/div><div class=\"wpsm_panel wpsm_panel-default\"><div class=\"wpsm_panel-heading\" role=\"tab\"><h4 class=\"wpsm_panel-title\">\u00a0<\/h4><\/div><\/div><\/div>\n\t\t\t\t\t\t\t\t\t<div class=\"elementor-tab-title elementor-tab-mobile-title\" aria-selected=\"false\" data-tab=\"3\" role=\"tab\" tabindex=\"-1\" aria-controls=\"elementor-tab-content-2283\" aria-expanded=\"false\">\u00bfQu\u00e9 es la Oculopl\u00e1stica?<\/div>\n\t\t\t\t\t<div id=\"elementor-tab-content-2283\" class=\"elementor-tab-content elementor-clearfix\" data-tab=\"3\" role=\"tabpanel\" aria-labelledby=\"elementor-tab-title-2283\" tabindex=\"0\" hidden=\"hidden\"><div class=\"wpsm_panel wpsm_panel-default\"><div id=\"ac_345_collapse3\" class=\"wpsm_panel-collapse collapse in\" aria-expanded=\"true\"><div class=\"wpsm_panel-body\">Es una subespecialidad de la oftalmolog\u00eda que estudia y trata todas las enfermedades y patolog\u00edas que ocurren en los tejidos que rodean al globo ocular, estos son p\u00e1rpados, aparato lagrimal y orbital.<\/div><\/div><\/div><\/div>\n\t\t\t\t\t\t\t\t\t<div class=\"elementor-tab-title elementor-tab-mobile-title\" aria-selected=\"false\" data-tab=\"4\" role=\"tab\" tabindex=\"-1\" aria-controls=\"elementor-tab-content-2284\" aria-expanded=\"false\">\u00bfPor qu\u00e9 es importante acudir a un Oftalm\u00f3logo oculopl\u00e1stico y no a un oftalm\u00f3logo general?\t<\/div>\n\t\t\t\t\t<div id=\"elementor-tab-content-2284\" class=\"elementor-tab-content elementor-clearfix\" data-tab=\"4\" role=\"tabpanel\" aria-labelledby=\"elementor-tab-title-2284\" tabindex=\"0\" hidden=\"hidden\"><div id=\"page-content\" class=\"page-content\"><div class=\"gridContainer\"><div id=\"post-15\" class=\"post-15 page type-page status-publish has-post-thumbnail hentry\"><div><div id=\"wpsm_accordion_345\" class=\"wpsm_panel-group\"><div class=\"wpsm_panel wpsm_panel-default\"><div id=\"ac_345_collapse4\" class=\"wpsm_panel-collapse collapse in\" aria-expanded=\"true\"><div class=\"wpsm_panel-body\">Porque el oculopl\u00e1stico est\u00e1 espec\u00edficamente formado para manejar de mejor forma y al detalle la patolog\u00eda palpebral, lagrimal y orbitaria. Adem\u00e1s est\u00e1 entrenado en microcirug\u00edas de este \u00e1mbito. As\u00ed por ejemplo, en un tumor de piel de p\u00e1rpado, no es ni un dermat\u00f3logo, ni un cirujano pl\u00e1stico ni un oftalm\u00f3logo general el que resolver\u00e1 mejor este caso, ya que, cualquier cosa que afecte a las estructuras que rodean al ojo, afectar\u00e1 de alguna forma al funcionamiento de este.<\/div><\/div><\/div><\/div><\/div><\/div><\/div><\/div><div class=\"footer\"><div class=\"row_201\"><div class=\"column_209 gridContainer\"><div class=\"row_202\"><div class=\"column_210\">\u00a0<\/div><\/div><\/div><\/div><\/div><\/div>\n\t\t\t\t\t\t\t<\/div>\n\t\t<\/div>\n\t\t\t\t<\/div>\n\t\t\t\t<\/div>\n\t\t\t\t\t<\/div>\n\t\t<\/div>\n\t\t\t\t<div class=\"elementor-column elementor-col-50 elementor-top-column elementor-element elementor-element-5143f640\" data-id=\"5143f640\" data-element_type=\"column\" data-settings=\"{&quot;background_background&quot;:&quot;classic&quot;}\">\n\t\t\t<div class=\"elementor-widget-wrap elementor-element-populated\">\n\t\t\t\t\t<div class=\"elementor-background-overlay\"><\/div>\n\t\t\t\t\t\t\t\t<div class=\"elementor-element elementor-element-7ea36517 elementor-widget elementor-widget-spacer\" data-id=\"7ea36517\" data-element_type=\"widget\" data-widget_type=\"spacer.default\">\n\t\t\t\t<div class=\"elementor-widget-container\">\n\t\t\t<style>\/*! elementor - v3.6.1 - 23-03-2022 *\/\n.e-container.e-container--row .elementor-spacer-inner{width:var(--spacer-size)}.e-container.e-container--column .elementor-spacer-inner,.elementor-column .elementor-spacer-inner{height:var(--spacer-size)}<\/style>\t\t<div class=\"elementor-spacer\">\n\t\t\t<div class=\"elementor-spacer-inner\"><\/div>\n\t\t<\/div>\n\t\t\t\t<\/div>\n\t\t\t\t<\/div>\n\t\t\t\t\t<\/div>\n\t\t<\/div>\n\t\t\t\t\t\t\t<\/div>\n\t\t<\/section>\n\t\t\t\t<section class=\"elementor-section elementor-top-section elementor-element elementor-element-50b9286 elementor-section-full_width elementor-reverse-tablet elementor-reverse-mobile elementor-hidden-desktop elementor-hidden-tablet elementor-section-height-default elementor-section-height-default\" data-id=\"50b9286\" data-element_type=\"section\" data-settings=\"{&quot;background_background&quot;:&quot;classic&quot;}\">\n\t\t\t\t\t\t<div class=\"elementor-container elementor-column-gap-default\">\n\t\t\t\t\t<div class=\"elementor-column elementor-col-50 elementor-top-column elementor-element elementor-element-e409ab6\" data-id=\"e409ab6\" data-element_type=\"column\" data-settings=\"{&quot;background_background&quot;:&quot;classic&quot;}\">\n\t\t\t<div class=\"elementor-widget-wrap elementor-element-populated\">\n\t\t\t\t\t<div class=\"elementor-background-overlay\"><\/div>\n\t\t\t\t\t\t\t\t<div class=\"elementor-element elementor-element-7d5d479 animated-slow elementor-invisible elementor-widget elementor-widget-heading\" data-id=\"7d5d479\" data-element_type=\"widget\" data-settings=\"{&quot;_animation&quot;:&quot;fadeInRight&quot;}\" data-widget_type=\"heading.default\">\n\t\t\t\t<div class=\"elementor-widget-container\">\n\t\t\t<h5 class=\"elementor-heading-title elementor-size-default\">Sobre Mi<\/h5>\t\t<\/div>\n\t\t\t\t<\/div>\n\t\t\t\t<div class=\"elementor-element elementor-element-8298f83 elementor-widget elementor-widget-heading\" data-id=\"8298f83\" data-element_type=\"widget\" data-widget_type=\"heading.default\">\n\t\t\t\t<div class=\"elementor-widget-container\">\n\t\t\t<h2 class=\"elementor-heading-title elementor-size-default\">Dr. Christian Fontecilla, oftalm\u00f3logo formado en el Hospital Clinic de Barcelona<\/h2>\t\t<\/div>\n\t\t\t\t<\/div>\n\t\t\t\t<div class=\"elementor-element elementor-element-ca92c06 elementor-widget elementor-widget-text-editor\" data-id=\"ca92c06\" data-element_type=\"widget\" data-widget_type=\"text-editor.default\">\n\t\t\t\t<div class=\"elementor-widget-container\">\n\t\t\t\t\t\t\t<p>El Dr. Christian Fontecilla, es un oftalm\u00f3logo formado en el Hospital Clinic de Barcelona (Universidad de Barcelona), tras lo cual\u00a0 realiz\u00f3 la subespecialidad\u00a0 de oculopl\u00e1stica en el Instituto de Microcirug\u00eda Ocular (Universidad Aut\u00f3noma de Barcelona).<\/p><p>Luego en\u00a0 Chile homolog\u00f3 la especialidad\u00a0 en Conacem y est\u00e1 en regla en la Superintendencia de salud de Chile.<\/p>\t\t\t\t\t\t<\/div>\n\t\t\t\t<\/div>\n\t\t\t\t<div class=\"elementor-element elementor-element-154586b elementor-tabs-view-vertical elementor-widget elementor-widget-tabs\" data-id=\"154586b\" data-element_type=\"widget\" data-widget_type=\"tabs.default\">\n\t\t\t\t<div class=\"elementor-widget-container\">\n\t\t\t\t\t<div class=\"elementor-tabs\">\n\t\t\t<div class=\"elementor-tabs-wrapper\" role=\"tablist\" >\n\t\t\t\t\t\t\t\t\t<div id=\"elementor-tab-title-2231\" class=\"elementor-tab-title elementor-tab-desktop-title\" aria-selected=\"true\" data-tab=\"1\" role=\"tab\" tabindex=\"0\" aria-controls=\"elementor-tab-content-2231\" aria-expanded=\"false\">Camino a la Oculopl\u00e1stica<\/div>\n\t\t\t\t\t\t\t\t\t<div id=\"elementor-tab-title-2232\" class=\"elementor-tab-title elementor-tab-desktop-title\" aria-selected=\"false\" data-tab=\"2\" role=\"tab\" tabindex=\"-1\" aria-controls=\"elementor-tab-content-2232\" aria-expanded=\"false\">\u00bfQu\u00e9 es la Oftalmolog\u00eda?<\/div>\n\t\t\t\t\t\t\t\t\t<div id=\"elementor-tab-title-2233\" class=\"elementor-tab-title elementor-tab-desktop-title\" aria-selected=\"false\" data-tab=\"3\" role=\"tab\" tabindex=\"-1\" aria-controls=\"elementor-tab-content-2233\" aria-expanded=\"false\">\u00bfQu\u00e9 es la Oculopl\u00e1stica?<\/div>\n\t\t\t\t\t\t\t\t\t<div id=\"elementor-tab-title-2234\" class=\"elementor-tab-title elementor-tab-desktop-title\" aria-selected=\"false\" data-tab=\"4\" role=\"tab\" tabindex=\"-1\" aria-controls=\"elementor-tab-content-2234\" aria-expanded=\"false\">\u00bfPor qu\u00e9 es importante acudir a un Oftalm\u00f3logo oculopl\u00e1stico y no a un oftalm\u00f3logo general?\t<\/div>\n\t\t\t\t\t\t\t<\/div>\n\t\t\t<div class=\"elementor-tabs-content-wrapper\" role=\"tablist\" aria-orientation=\"vertical\">\n\t\t\t\t\t\t\t\t\t<div class=\"elementor-tab-title elementor-tab-mobile-title\" aria-selected=\"true\" data-tab=\"1\" role=\"tab\" tabindex=\"0\" aria-controls=\"elementor-tab-content-2231\" aria-expanded=\"false\">Camino a la Oculopl\u00e1stica<\/div>\n\t\t\t\t\t<div id=\"elementor-tab-content-2231\" class=\"elementor-tab-content elementor-clearfix\" data-tab=\"1\" role=\"tabpanel\" aria-labelledby=\"elementor-tab-title-2231\" tabindex=\"0\" hidden=\"false\"><div class=\"wpsm_panel wpsm_panel-default\"><div id=\"ac_345_collapse1\" class=\"wpsm_panel-collapse collapse in\" aria-expanded=\"true\"><div class=\"wpsm_panel-body\">El t\u00edtulo de m\u00e9dico cirujano es una profesi\u00f3n de pregrado con el cu\u00e1l una persona puede ejercer en Chile como m\u00e9dico general. Luego, un titulado m\u00e9dico cirujano puede optar a seguir estudiando unos a\u00f1os m\u00e1s para obtener una especialidad m\u00e9dica entre las cuales est\u00e1 oftalmolog\u00eda. Ya con su t\u00edtulo de m\u00e9dico oftalm\u00f3logo, el profesional puede decidir estudiar todav\u00eda m\u00e1s, una especialidad dentro del \u00e1mbito oftalmol\u00f3gico, a las que se les llama subespecialidades. Una de las subespecialidades de oftalmolog\u00eda es la oculopl\u00e1stica. Es por esto que el Dr. Christian Fontecilla es oftalm\u00f3logo oculopl\u00e1stico.<\/div><\/div><\/div><div class=\"wpsm_panel wpsm_panel-default\"><div class=\"wpsm_panel-heading\" role=\"tab\"><h4 class=\"wpsm_panel-title\">\u00a0<\/h4><\/div><\/div><\/div>\n\t\t\t\t\t\t\t\t\t<div class=\"elementor-tab-title elementor-tab-mobile-title\" aria-selected=\"false\" data-tab=\"2\" role=\"tab\" tabindex=\"-1\" aria-controls=\"elementor-tab-content-2232\" aria-expanded=\"false\">\u00bfQu\u00e9 es la Oftalmolog\u00eda?<\/div>\n\t\t\t\t\t<div id=\"elementor-tab-content-2232\" class=\"elementor-tab-content elementor-clearfix\" data-tab=\"2\" role=\"tabpanel\" aria-labelledby=\"elementor-tab-title-2232\" tabindex=\"0\" hidden=\"hidden\"><div class=\"wpsm_panel wpsm_panel-default\"><div id=\"ac_345_collapse2\" class=\"wpsm_panel-collapse collapse in\" aria-expanded=\"true\"><div class=\"wpsm_panel-body\">Es la especialidad de la medicina que estudia y trata todas las enfermedades del ojo.<\/div><\/div><\/div><div class=\"wpsm_panel wpsm_panel-default\"><div class=\"wpsm_panel-heading\" role=\"tab\"><h4 class=\"wpsm_panel-title\">\u00a0<\/h4><\/div><\/div><\/div>\n\t\t\t\t\t\t\t\t\t<div class=\"elementor-tab-title elementor-tab-mobile-title\" aria-selected=\"false\" data-tab=\"3\" role=\"tab\" tabindex=\"-1\" aria-controls=\"elementor-tab-content-2233\" aria-expanded=\"false\">\u00bfQu\u00e9 es la Oculopl\u00e1stica?<\/div>\n\t\t\t\t\t<div id=\"elementor-tab-content-2233\" class=\"elementor-tab-content elementor-clearfix\" data-tab=\"3\" role=\"tabpanel\" aria-labelledby=\"elementor-tab-title-2233\" tabindex=\"0\" hidden=\"hidden\"><div class=\"wpsm_panel wpsm_panel-default\"><div id=\"ac_345_collapse3\" class=\"wpsm_panel-collapse collapse in\" aria-expanded=\"true\"><div class=\"wpsm_panel-body\">Es una subespecialidad de la oftalmolog\u00eda que estudia y trata todas las enfermedades y patolog\u00edas que ocurren en los tejidos que rodean al globo ocular, estos son p\u00e1rpados, aparato lagrimal y orbital.<\/div><\/div><\/div><\/div>\n\t\t\t\t\t\t\t\t\t<div class=\"elementor-tab-title elementor-tab-mobile-title\" aria-selected=\"false\" data-tab=\"4\" role=\"tab\" tabindex=\"-1\" aria-controls=\"elementor-tab-content-2234\" aria-expanded=\"false\">\u00bfPor qu\u00e9 es importante acudir a un Oftalm\u00f3logo oculopl\u00e1stico y no a un oftalm\u00f3logo general?\t<\/div>\n\t\t\t\t\t<div id=\"elementor-tab-content-2234\" class=\"elementor-tab-content elementor-clearfix\" data-tab=\"4\" role=\"tabpanel\" aria-labelledby=\"elementor-tab-title-2234\" tabindex=\"0\" hidden=\"hidden\"><div id=\"page-content\" class=\"page-content\"><div class=\"gridContainer\"><div id=\"post-15\" class=\"post-15 page type-page status-publish has-post-thumbnail hentry\"><div><div id=\"wpsm_accordion_345\" class=\"wpsm_panel-group\"><div class=\"wpsm_panel wpsm_panel-default\"><div id=\"ac_345_collapse4\" class=\"wpsm_panel-collapse collapse in\" aria-expanded=\"true\"><div class=\"wpsm_panel-body\">Porque el oculopl\u00e1stico est\u00e1 espec\u00edficamente formado para manejar de mejor forma y al detalle la patolog\u00eda palpebral, lagrimal y orbitaria. Adem\u00e1s est\u00e1 entrenado en microcirug\u00edas de este \u00e1mbito. As\u00ed por ejemplo, en un tumor de piel de p\u00e1rpado, no es ni un dermat\u00f3logo, ni un cirujano pl\u00e1stico ni un oftalm\u00f3logo general el que resolver\u00e1 mejor este caso, ya que, cualquier cosa que afecte a las estructuras que rodean al ojo, afectar\u00e1 de alguna forma al funcionamiento de este.<\/div><\/div><\/div><\/div><\/div><\/div><\/div><\/div><div class=\"footer\"><div class=\"row_201\"><div class=\"column_209 gridContainer\"><div class=\"row_202\"><div class=\"column_210\">\u00a0<\/div><\/div><\/div><\/div><\/div><\/div>\n\t\t\t\t\t\t\t<\/div>\n\t\t<\/div>\n\t\t\t\t<\/div>\n\t\t\t\t<\/div>\n\t\t\t\t\t<\/div>\n\t\t<\/div>\n\t\t\t\t<div class=\"elementor-column elementor-col-50 elementor-top-column elementor-element elementor-element-9bc98c8\" data-id=\"9bc98c8\" data-element_type=\"column\" data-settings=\"{&quot;background_background&quot;:&quot;classic&quot;}\">\n\t\t\t<div class=\"elementor-widget-wrap elementor-element-populated\">\n\t\t\t\t\t\t\t\t<div class=\"elementor-element elementor-element-1287173 elementor-widget elementor-widget-spacer\" data-id=\"1287173\" data-element_type=\"widget\" data-widget_type=\"spacer.default\">\n\t\t\t\t<div class=\"elementor-widget-container\">\n\t\t\t\t\t<div class=\"elementor-spacer\">\n\t\t\t<div class=\"elementor-spacer-inner\"><\/div>\n\t\t<\/div>\n\t\t\t\t<\/div>\n\t\t\t\t<\/div>\n\t\t\t\t\t<\/div>\n\t\t<\/div>\n\t\t\t\t\t\t\t<\/div>\n\t\t<\/section>\n\t\t\t\t\t\t\t<\/div>\n\t\t","protected":false},"excerpt":{"rendered":"<p>Sobre Mi Dr. Christian Fontecilla, oftalm\u00f3logo formado en el Hospital Clinic de Barcelona El Dr. Christian Fontecilla, es un oftalm\u00f3logo formado en el Hospital Clinic de Barcelona (Universidad de Barcelona), tras lo cual\u00a0 realiz\u00f3 la subespecialidad\u00a0 de oculopl\u00e1stica en el Instituto de Microcirug\u00eda Ocular (Universidad Aut\u00f3noma de Barcelona). Luego en\u00a0 Chile homolog\u00f3 la especialidad\u00a0 en [&hellip;]<\/p>\n","protected":false},"author":1,"featured_media":0,"parent":0,"menu_order":0,"comment_status":"closed","ping_status":"closed","template":"","meta":[],"_links":{"self":[{"href":"https:\/\/doctorchristianfontecilla.cl\/home\/wp-json\/wp\/v2\/pages\/801"}],"collection":[{"href":"https:\/\/doctorchristianfontecilla.cl\/home\/wp-json\/wp\/v2\/pages"}],"about":[{"href":"https:\/\/doctorchristianfontecilla.cl\/home\/wp-json\/wp\/v2\/types\/page"}],"author":[{"embeddable":true,"href":"https:\/\/doctorchristianfontecilla.cl\/home\/wp-json\/wp\/v2\/users\/1"}],"replies":[{"embeddable":true,"href":"https:\/\/doctorchristianfontecilla.cl\/home\/wp-json\/wp\/v2\/comments?post=801"}],"version-history":[{"count":13,"href":"https:\/\/doctorchristianfontecilla.cl\/home\/wp-json\/wp\/v2\/pages\/801\/revisions"}],"predecessor-version":[{"id":832,"href":"https:\/\/doctorchristianfontecilla.cl\/home\/wp-json\/wp\/v2\/pages\/801\/revisions\/832"}],"wp:attachment":[{"href":"https:\/\/doctorchristianfontecilla.cl\/home\/wp-json\/wp\/v2\/media?parent=801"}],"curies":[{"name":"wp","href":"https:\/\/api.w.org\/{rel}","templated":true}]}}